{"id":32,"date":"2022-09-20T12:28:02","date_gmt":"2022-09-20T12:28:02","guid":{"rendered":"https:\/\/www.manonvincent.fr\/?page_id=32"},"modified":"2026-04-29T13:38:16","modified_gmt":"2026-04-29T13:38:16","slug":"travaillons-ensemble","status":"publish","type":"page","link":"https:\/\/www.manonvincent.fr\/index.php\/travaillons-ensemble\/","title":{"rendered":"Travaillons ensemble"},"content":{"rendered":"\n<h1 class=\"wp-block-heading has-text-align-center has-white-background-color has-text-color has-background\" style=\"color:#83a697;font-size:35px\"><strong><span style=\"text-decoration: underline;\">JE M&rsquo;ELANCE<\/span><\/strong><\/h1>\n\n\n\n<figure class=\"wp-block-embed is-type-video is-provider-youtube wp-block-embed-youtube wp-embed-aspect-16-9 wp-has-aspect-ratio\"><div class=\"wp-block-embed__wrapper\">\n<iframe loading=\"lazy\" title=\"Comment de\u0301passer 20 000\u20ac de chiffre d&#039;affaires d&#039;ici 6 a\u0300 12 mois ?\" width=\"756\" height=\"425\" src=\"https:\/\/www.youtube.com\/embed\/CH3VjQmp4u4?feature=oembed\" frameborder=\"0\" allow=\"accelerometer; autoplay; clipboard-write; encrypted-media; gyroscope; picture-in-picture; web-share\" referrerpolicy=\"strict-origin-when-cross-origin\" allowfullscreen><\/iframe>\n<\/div><\/figure>\n\n\n\n<hr class=\"wp-block-separator has-text-color has-css-opacity has-background is-style-dots\" style=\"background-color:#83a697;color:#83a697\"\/>\n\n\n\n<h2 class=\"wp-block-heading has-text-align-center has-text-color\" style=\"color:#83a697;font-size:27px\"><strong>Cet accompagnement est parfait pour vous si :<\/strong><\/h2>\n\n\n\n<div style=\"height:19px\" aria-hidden=\"true\" class=\"wp-block-spacer\"><\/div>\n\n\n\n<p><strong>Vous avez le sentiment de vous noyez parmi les options possibles. <\/strong>Votre attention est tr\u00e8s vite attir\u00e9e par de nouvelles id\u00e9es, offres, techniques business et &laquo;&nbsp;objets brillants&nbsp;&raquo; qui paraissent mieux. Vous partez dans tous les sens. Peut-\u00eatre m\u00eame que vous bloquez sur la d\u00e9finition de votre &laquo;&nbsp;client id\u00e9al&nbsp;&raquo;, et \u00e7a vous agace de tourner en rond.<\/p>\n\n\n\n<p><strong>Votre discours vous semble fade, et vous n\u2019arrivez pas bien \u00e0 \u201cvous vendre\u201d<\/strong>. Vous croyez pourtant en vos capacit\u00e9s \u00e0 aider vos clients, mais ne savez pas comment pr\u00e9senter votre offre de mani\u00e8re percutante.<\/p>\n\n\n\n<p><strong>Et puis, il y a ces t\u00e2ches importantes que vous repoussez sans cesse<\/strong> : vous rendre plus visible, prospecter activement, relancer vos prospects. Rien que d&rsquo;y penser, \u00e7a vous intimide. Pendant ce temps, vous voyez d&rsquo;autres Coachs \/ Consultants vendre des offres \u00e0 3000\u20ac, et vous commencez \u00e0 douter de vous.<\/p>\n\n\n\n<p><strong>\u00catre ind\u00e9pendant.e, ce n&rsquo;est pas aussi simple qu&rsquo;on le croit.<\/strong><em> <\/em>\u00c7a demande une grande rigueur, de nouvelles mani\u00e8res de r\u00e9fl\u00e9chir et d&rsquo;agir, et \u00e9videmment des comp\u00e9tences commerciales.<\/p>\n\n\n\n<p><strong>Je sais que vous voulez d\u00e9passer les 20 000\u20ac de chiffre d&rsquo;affaires<\/strong> <strong>et plus<\/strong>. Avec une offre d&rsquo;accompagnement premium et une approche cibl\u00e9e, qui s&rsquo;affine et se perfectionne, vous serez en mesure de g\u00e9n\u00e9rer des ventes.<\/p>\n\n\n\n<p>D\u00e9couvrez comment, \u00e0 mes c\u00f4t\u00e9s, vous allez avancer diff\u00e9remment et efficacement.<\/p>\n\n\n\n<hr class=\"wp-block-separator has-text-color has-css-opacity has-background is-style-dots\" style=\"background-color:#83a697;color:#83a697\"\/>\n\n\n\n<h2 class=\"wp-block-heading has-text-align-center has-text-color\" style=\"color:#83a697;font-size:27px\"><strong>Le chemin le plus rapide pour (re)lancer votre activit\u00e9 :<\/strong><\/h2>\n\n\n\n<div style=\"height:19px\" aria-hidden=\"true\" class=\"wp-block-spacer\"><\/div>\n\n\n\n<div style=\"height:0px\" aria-hidden=\"true\" class=\"wp-block-spacer\"><\/div>\n\n\n\n<p style=\"font-size:18px\">J&rsquo;ai con\u00e7u l&rsquo;accompagnement <strong>JE M&rsquo;ELANCE<\/strong> pour \u00eatre focus, dynamique et ultra-efficace avec d&rsquo;abord <strong>3 mois d&rsquo;accompagnement resserr\u00e9<\/strong>, <strong>puis 4 mois de votre passage \u00e0 l&rsquo;action<\/strong>. Soyez pr\u00eat<strong>\u00b7<\/strong>e \u00e0 vous impliquer et retirez-en rapidement ces 10 b\u00e9n\u00e9fices :<\/p>\n\n\n\n<p><strong><span style=\"text-decoration: underline;\">D\u00e8s le 1er mois<\/span>, cr\u00e9ez une offre percutante<\/strong><\/p>\n\n\n\n<p><strong>1<\/strong> : Sachez clairement le chiffre d&rsquo;affaires (CA) \u00e0 g\u00e9n\u00e9rer, les ventes \u00e0 r\u00e9aliser, les prix justes et les modalit\u00e9s de paiement\/garantie qui s\u00e9duiront vos prospects.<\/p>\n\n\n\n<p><strong>2<\/strong> : Adressez-vous \u00e0 une client\u00e8le ayant de vrais besoins, capable de vous aider \u00e0 atteindre rapidement votre CA. Sachez o\u00f9 les trouver et comment capter leur attention.<\/p>\n\n\n\n<p><strong>3<\/strong> : Retirez-en une offre claire qui suscite l\u2019int\u00e9r\u00eat,&nbsp;avec une vraie promesse de r\u00e9sultats et une m\u00e9thode d&rsquo;accompagnement qui inspire confiance. <\/p>\n\n\n\n<p><strong>4<\/strong> : Prenez conscience de la valeur que vous apportez et surmontez les blocages qui vous emp\u00eachent de vous faire r\u00e9mun\u00e9rer \u00e0 votre juste valeur.<\/p>\n\n\n\n<p><strong><span style=\"text-decoration: underline;\">D\u00e8s le 2\u00e8me mois<\/span>, mettez en place une strat\u00e9gie<\/strong><strong> efficace<\/strong><\/p>\n\n\n\n<p><strong>5<\/strong> : Maximisez un canal d&rsquo;acquisition (<em>la prospection active, la recommandation stimul\u00e9e, la cr\u00e9ation de contenu avec des conversations directes<\/em>) ou renforcez celui qui a d\u00e9j\u00e0 fait ses preuves.<\/p>\n\n\n\n<p><strong>6<\/strong> : Identifiez et travaillez sur les \u00e9tapes par lesquelles passent vos prospects, de la d\u00e9couverte de votre existence \u00e0 la signature du devis. <\/p>\n\n\n\n<p><strong>7 <\/strong>: Pr\u00e9cisez des objectifs clairs, une s\u00e9rie d&rsquo;actions hebdomadaires \u00e0 mettre en \u0153uvre et des indicateurs \u00e0 suivre pour garder le cap.<\/p>\n\n\n\n<p><strong><span style=\"text-decoration: underline;\">D\u00e8s le 3\u00e8me mois<\/span>, g\u00e9n\u00e9rez des \u00e9changes et des opportunit\u00e9s chaque semaine<\/strong><\/p>\n\n\n\n<p><strong>8<\/strong> : Engagez-vous sur vos actions hebdomadaires pour \u00eatre plus visible, identifier de nouveaux prospects et cr\u00e9er un lien authentique en les guidant vers la prochaine \u00e9tape de leur d\u00e9cision.<\/p>\n\n\n\n<p><strong>9<\/strong> : D\u00e9veloppez votre capacit\u00e9 \u00e0 rester focus, disciplin\u00e9.e et confiant.e face aux situations  qui vous challengent.<\/p>\n\n\n\n<p><strong>10<\/strong> : Renforcez votre approche de vente pour r\u00e9ussir les appels, bien pr\u00e9senter votre proposition, g\u00e9rer les objections et assurer un suivi commercial efficace.<\/p>\n\n\n\n<hr class=\"wp-block-separator has-text-color has-css-opacity has-background is-style-dots\" style=\"background-color:#83a697;color:#83a697\"\/>\n\n\n\n<h2 class=\"wp-block-heading has-text-align-center has-text-color\" style=\"color:#83a697;font-size:27px\"><span style=\"\"><b><u>Ce que vous allez vivre :<\/u><\/b><\/span><\/h2>\n\n\n\n<div style=\"height:33px\" aria-hidden=\"true\" class=\"wp-block-spacer\"><\/div>\n\n\n\n<div class=\"wp-block-media-text alignfull has-media-on-the-right is-stacked-on-mobile\" style=\"grid-template-columns:auto 51%\"><div class=\"wp-block-media-text__content\">\n<p><strong>Un accompagnement individuel intensif<\/strong> <strong>de 3<\/strong> <strong>mois<\/strong>, alliant 30% de coaching, 50% de consulting et 20% de mentoring. On pr\u00e9pare votre d\u00e9ploiement, avec un maximum de confiance en vous, tout en sachant <strong>quoi faire<\/strong> et <strong>comment le faire<\/strong>.<\/p>\n\n\n\n<p>Ensuite, vous prenez votre envol ! <strong>Pendant 4 mois, vous allez passer \u00e0 l&rsquo;action<\/strong> pour g\u00e9n\u00e9rer des \u00e9changes qualifi\u00e9s <strong>aupr\u00e8s d&rsquo;au moins 25 prospects<\/strong>. Si besoin, je suis l\u00e0 chaque semaine en <strong>Fast Coaching<\/strong> pour ajuster votre approche.<\/p>\n\n\n\n<p><strong>Mon r\u00f4le ? <\/strong>Vous accompagnez avec un \u00e9quilibre parfait entre soutien et challenge. Vous avancez \u00e0 votre rythme, mais je vous pousse \u00e0 aller plus loin dans votre \u00e9lan et \u00e0 d\u00e9passer vos appr\u00e9hensions, \u00e9tape apr\u00e8s \u00e9tape.<\/p>\n<\/div><figure class=\"wp-block-media-text__media\"><img loading=\"lazy\" decoding=\"async\" width=\"1024\" height=\"684\" src=\"https:\/\/www.manonvincent.fr\/wp-content\/uploads\/2023\/12\/manon-vincent-accompagnement-1-1024x684.jpg\" alt=\"\" class=\"wp-image-440 size-full\" srcset=\"https:\/\/www.manonvincent.fr\/wp-content\/uploads\/2023\/12\/manon-vincent-accompagnement-1-1024x684.jpg 1024w, https:\/\/www.manonvincent.fr\/wp-content\/uploads\/2023\/12\/manon-vincent-accompagnement-1-300x200.jpg 300w, https:\/\/www.manonvincent.fr\/wp-content\/uploads\/2023\/12\/manon-vincent-accompagnement-1-768x513.jpg 768w, https:\/\/www.manonvincent.fr\/wp-content\/uploads\/2023\/12\/manon-vincent-accompagnement-1.jpg 1498w\" sizes=\"auto, (max-width: 1024px) 100vw, 1024px\" \/><\/figure><\/div>\n\n\n\n<div style=\"height:43px\" aria-hidden=\"true\" class=\"wp-block-spacer\"><\/div>\n\n\n\n<hr class=\"wp-block-separator has-text-color has-css-opacity has-background is-style-dots\" style=\"background-color:#83a697;color:#83a697\"\/>\n\n\n\n<h2 class=\"wp-block-heading has-text-align-center has-text-color\" style=\"color:#83a697;font-size:27px\"><strong><span style=\"text-decoration: underline;\">Vous allez donc obtenir <\/span><\/strong>:<\/h2>\n\n\n\n<div style=\"height:5px\" aria-hidden=\"true\" class=\"wp-block-spacer\"><\/div>\n\n\n\n<p class=\"has-text-align-center\" style=\"font-size:18px\"><strong>Plus de 7 mois<\/strong> d&rsquo;accompagnement strat\u00e9gique, op\u00e9rationnel et \u00e9motionnel, avec :<\/p>\n\n\n\n<div class=\"wp-block-columns has-background is-layout-flex wp-container-core-columns-is-layout-9d6595d7 wp-block-columns-is-layout-flex\" style=\"background-color:#fbfbfb\">\n<div class=\"wp-block-column is-layout-flow wp-block-column-is-layout-flow\">\n<p>\u2611\ufe0f <strong>1 RDV CO ENGAGEMENT <\/strong>(1H) <strong>: <\/strong>Voyez-y clair sur le d\u00e9roulement, la mani\u00e8re de nous co-engager et l\u2019utilisation de l\u2019espace de travail pour d\u00e9marrer rapidement.<\/p>\n\n\n\n<p>\u2611\ufe0f <strong>12 SESSIONS D\u2019ACCOMPAGNEMENT&nbsp;<\/strong>(~ 15H) :<strong> <\/strong>Sur 3 mois, profitez d\u2019un accompagnement intensif avec une session hebdomadaire en visio (1H \u00e0 1H30) pour pr\u00e9parer efficacement votre d\u00e9ploiement.<\/p>\n\n\n\n<p>\u2611\ufe0f <strong>12 ANALYSES ET TRAITEMENTS <\/strong>(~ 10H) : En dehors des sessions, profitez de compte-rendus et de retours approfondis de votre travail pour maximiser votre avanc\u00e9e entre les sessions.<\/p>\n\n\n\n<p>\u2611\ufe0f <strong>1 RDV BILAN INTERMEDIAIRE<\/strong> (1H) : \u00c0 mi-parcours (3 mois), faites le point pour reconna\u00eetre les avanc\u00e9es et les ajustements \u00e0 op\u00e9rer pour passer \u00e0 l\u2019action efficacement !<\/p>\n\n\n\n<p>\u2611\ufe0f <strong>10 \u00c0 20 APPELS<\/strong> <strong>FAST COACHING<\/strong> (~ 15H) : Acc\u00e9dez \u00e0 un soutien r\u00e9actif, sans limite en quantit\u00e9, avec des appels ultra-focus (30 min) pour d\u00e9passer vos challenges et garder le cap.<\/p>\n\n\n\n<p>\u2611\ufe0f<strong> 1 POINT&nbsp;STRATEGIQUE&nbsp;<\/strong>(1H)<strong> : <\/strong>Dans 7 mois, ajustez votre strat\u00e9gie pour maximiser vos r\u00e9sultats et maintenir votre \u00e9lan.<\/p>\n<\/div>\n\n\n\n<div class=\"wp-block-column is-layout-flow wp-block-column-is-layout-flow\">\n<p>\ud83c\udf81 <strong>Bonus 1<\/strong> : <strong>Acc\u00e9dez \u00e0 une plateforme d\u00e9di\u00e9e<\/strong> avec des fiches pratiques pour vous guider pas \u00e0 pas et structurer votre travail en toute autonomie.<\/p>\n\n\n\n<p>\ud83c\udf81 <strong>Bonus 2 :<\/strong> <strong>Recevez des r\u00e9ponses rapides<\/strong> <strong>\u00e0 toutes vos questions<\/strong>, m\u00eame en dehors des sessions, via WhatsApp.<\/p>\n\n\n\n<p>\ud83c\udf81 <strong>Bonus 3 <\/strong>: <strong>Utilisez des ressources utiles, r\u00e9utilisables \u00e0 vie<\/strong> pour booster votre visibilit\u00e9, votre suivi et vos ventes :<\/p>\n\n\n\n<ul class=\"wp-block-list\">\n<li><strong>Des<\/strong> <strong>guides pas \u00e0 pas<\/strong> pour vous aider \u00e0 g\u00e9n\u00e9rer des contacts qualifi\u00e9s et des opportunit\u00e9s via la prospection directe, le r\u00e9seau, LinkedIn et le suivi commercial. (Valeur : 1 800\u20ac)<\/li>\n\n\n\n<li><strong>Plus de 100 scripts<\/strong> pr\u00eats \u00e0 l&#8217;emploi pour optimiser vos prises de contact, relances, posts, rendez-vous, et convertir efficacement. (Valeur : 500\u20ac)<\/li>\n\n\n\n<li><strong>Des outils Excels<\/strong>&nbsp;pour suivre votre budget, votre tr\u00e9sorerie, vos r\u00e9sultats et vos prospects avec un CRM enrichi d\u2019un lead-scorer efficace en qualification. (Valeur : 300\u20ac)<\/li>\n\n\n\n<li><strong>Des documents contractuels complets<\/strong>&nbsp;:&nbsp;devis, CGV, facture, contrat de mission et d\u2019apport d\u2019affaires, et avenants pour une gestion administrative fluide et professionnelle. (Valeur : 500\u20ac)<\/li>\n<\/ul>\n<\/div>\n<\/div>\n\n\n\n<p class=\"has-text-align-center\"><\/p>\n\n\n\n<hr class=\"wp-block-separator has-text-color has-css-opacity has-background is-style-dots\" style=\"background-color:#83a697;color:#83a697\"\/>\n\n\n\n<div style=\"height:10px\" aria-hidden=\"true\" class=\"wp-block-spacer\"><\/div>\n\n\n\n<h2 class=\"wp-block-heading has-text-align-center has-text-color\" style=\"color:#83a697;font-size:27px\"><strong>Au prix de 3 700\u20ac T.T.C. (soit 3 083,33\u20ac H.T.<\/strong>)<\/h2>\n\n\n\n<div style=\"height:14px\" aria-hidden=\"true\" class=\"wp-block-spacer\"><\/div>\n\n\n\n<p>Comme je sais que l&rsquo;aspect financier peut parfois cr\u00e9er des inqui\u00e9tudes, j&rsquo;ai pr\u00e9vu des <strong>options de paiement flexibles<\/strong> pour vous accompagner :<\/p>\n\n\n\n<ul class=\"wp-block-list\">\n<li><strong>Paiement en 1 fois :<\/strong> Payez d\u00e8s la signature et avancez sereinement.<\/li>\n\n\n\n<li><strong><strong>Paiement en<\/strong> 3 fois :<\/strong> 1 233,33\u20ac par mois, pr\u00e9lev\u00e9s le 5 de chaque mois.<\/li>\n\n\n\n<li><strong><strong>Paiement en<\/strong> plusieurs fois avec acompte :<\/strong> 1 850\u20ac \u00e0 la signature du devis, suivi de 6 mensualit\u00e9s de 308,33\u20ac, pr\u00e9lev\u00e9es le 5 de chaque mois.<\/li>\n<\/ul>\n\n\n\n<p><strong>Choisissez l&rsquo;option qui vous parle le plus !<\/strong> Ce qui compte pour moi, c&rsquo;est que vous vous engagez pleinement dans cet accompagnement. Pr\u00e9voyez 4 heures par semaine pour avancer efficacement.<\/p>\n\n\n\n<p>Si vous sentez que vous n\u2019avez pas besoin d\u2019un accompagnement aussi complet, voici deux alternatives&#8230;<\/p>\n\n\n\n<div class=\"wp-block-columns alignwide is-layout-flex wp-container-core-columns-is-layout-829b1d53 wp-block-columns-is-layout-flex\" style=\"margin-bottom:0\">\n<div class=\"wp-block-column has-text-color has-background has-link-color wp-elements-0c5b2cb27894cbee79a3bbcd6af68425 is-layout-flow wp-block-column-is-layout-flow\" style=\"color:#000000;background-color:#ffe97d;padding-top:2em;padding-right:2em;padding-bottom:2em;padding-left:2em\">\n<h2 class=\"wp-block-heading\" id=\"single\" style=\"font-size:40px\"><strong>J&rsquo;acc\u00e9l\u00e8re<\/strong><\/h2>\n\n\n\n<p class=\"has-normal-font-size\" style=\"line-height:1.5\"><strong>4 mois focalis\u00e9s sur l&rsquo;acc\u00e9l\u00e9ration de vos ventes<\/strong><\/p>\n\n\n\n<hr class=\"wp-block-separator has-text-color has-css-opacity has-background is-style-wide\" style=\"background-color:#000000;color:#000000\"\/>\n\n\n\n<p>On travaille sur les \u00e9tapes 5 \u00e0 10 du parcours <strong>JE M&rsquo;\u00c9LANCE<\/strong> : <\/p>\n\n\n\n<ul class=\"wp-block-list has-normal-font-size\">\n<li>La strat\u00e9gie d&rsquo;acquisition et le lancement de votre routine commerciale,<\/li>\n\n\n\n<li>Les messages de prises de contact avec une approche qualitative, <\/li>\n\n\n\n<li>Les scripts de relances, en levant les objections courantes,<\/li>\n\n\n\n<li>Les appels de vente et la pr\u00e9sentation de votre proposition,<\/li>\n\n\n\n<li>Les appr\u00e9hensions comme la peur de d\u00e9ranger ou d&rsquo;\u00eatre insistant.<\/li>\n\n\n\n<li>Le suivi commercial pour acc\u00e9l\u00e9rer les d\u00e9cisions.<\/li>\n\n\n\n<li>Les leviers qui augmentent vos conversions.<\/li>\n<\/ul>\n\n\n\n<div class=\"wp-block-buttons alignfull is-horizontal is-content-justification-center is-layout-flex wp-container-core-buttons-is-layout-499968f5 wp-block-buttons-is-layout-flex\">\n<div class=\"wp-block-button has-custom-width wp-block-button__width-100\"><a class=\"wp-block-button__link has-white-color has-text-color has-background no-border-radius wp-element-button\" style=\"background-color:#000000\">2 200\u20ac TTC (1850\u20ac HT)<\/a><\/div>\n<\/div>\n<\/div>\n\n\n\n<div class=\"wp-block-column has-text-color has-background has-link-color wp-elements-87e59ed0a811784ea79d8375655d05d1 is-layout-flow wp-block-column-is-layout-flow\" style=\"color:#000000;background-color:#d1d1e1;padding-top:2em;padding-right:2em;padding-bottom:2em;padding-left:2em\">\n<h2 class=\"wp-block-heading\" id=\"family\" style=\"font-size:40px\"><strong>J&rsquo;optimise<\/strong><\/h2>\n\n\n\n<p><strong>4 sessions dont le format est parfait si vous identifiez des blocages cibl\u00e9s, vous avez besoin d\u2019un regard ext\u00e9rieur et vous voulez avancer rapidement.&nbsp; <\/strong><\/p>\n\n\n\n<hr class=\"wp-block-separator has-css-opacity is-style-wide\"\/>\n\n\n\n<p class=\"has-normal-font-size\" style=\"line-height:1.5\">On travaille sur 2 \u00e9tapes du parcours <strong>JE M&rsquo;\u00c9LANCE<\/strong> :<\/p>\n\n\n\n<ul class=\"wp-block-list has-normal-font-size\">\n<li>Votre ciblage et votre offre, <\/li>\n\n\n\n<li>Vos prix et ton rapport \u00e0 l&rsquo;argent,<\/li>\n\n\n\n<li>Votre strat\u00e9gie d&rsquo;acquisition et votre routine commerciale,<\/li>\n\n\n\n<li>Vos prises de contact et vos relances,<\/li>\n\n\n\n<li>Vos priorit\u00e9s et votre passage \u00e0 l&rsquo;action,<\/li>\n\n\n\n<li>Vos appels de vente et les objections,<\/li>\n\n\n\n<li>Vos appr\u00e9hensions comme la peur de d\u00e9ranger.<\/li>\n\n\n\n<li>Votre suivi commercial pour acc\u00e9l\u00e9rer les d\u00e9cisions.<\/li>\n<\/ul>\n\n\n\n<div class=\"wp-block-buttons alignfull is-horizontal is-content-justification-center is-layout-flex wp-container-core-buttons-is-layout-499968f5 wp-block-buttons-is-layout-flex\">\n<div class=\"wp-block-button has-custom-width wp-block-button__width-100 is-style-fill\"><a class=\"wp-block-button__link has-white-color has-text-color has-background no-border-radius wp-element-button\" style=\"background-color:#000000\">720\u20ac TTC (600\u20ac HT)<\/a><\/div>\n<\/div>\n<\/div>\n<\/div>\n\n\n\n<p><br>Si vous pensez que ce format est plus adapt\u00e9 \u00e0 votre situation, je vous pr\u00e9senterai les parcours et nous v\u00e9rifierons ensemble si l\u2019un de ces formats est r\u00e9ellement pertinent pour vous.<\/p>\n\n\n\n<p>Mais sachez que le programme<strong> JE M&rsquo;\u00c9LANCE<\/strong> a permis \u00e0 mes clients de g\u00e9n\u00e9rer des rendez-vous et des ventes, et m\u00eame de d\u00e9passer les <strong>232 028\u20ac<\/strong> de chiffre d&rsquo;affaires cumul\u00e9s au cours de l&rsquo;appui, soit <strong>15 458\u20ac chacun<\/strong>. Certains ont fait plus, d&rsquo;autres moins. \u00c7a d\u00e9pend grandement de leur niveau d&rsquo;entr\u00e9e, de leur engagement et de leur positionnement. <\/p>\n\n\n\n<p>Voici d&rsquo;ailleurs les retours de <strong>15 entrepreneurs<\/strong> qui ont suivi ce programme, dont la majorit\u00e9 d\u00e9butaient le lancement d&rsquo;une offre premium :<\/p>\n\n\n\n<p>&#8211; <strong>Leur confiance<\/strong> dans leur capacit\u00e9 \u00e0 vivre de leur offre d&rsquo;accompagnement a progress\u00e9 de <strong>3,5 \u00e0 9\/10<\/strong>.<\/p>\n\n\n\n<p>&#8211; <strong>La pertinence<\/strong> du programme par rapport \u00e0 leurs besoins a \u00e9t\u00e9 jug\u00e9e \u00e0 <strong>9,4\/10<\/strong>.<\/p>\n\n\n\n<p>Ces r\u00e9sultats confirment l&rsquo;impact du programme pour ceux qui s\u2019investissent pleinement dans la d\u00e9marche. Je vous laisse y d\u00e9couvrir quelques retours sur les r\u00e9sultats obtenus par certains pendant l&rsquo;accompagnement :<\/p>\n\n\n\n<p><a href=\"https:\/\/www.linkedin.com\/posts\/manon-vincent_une-cliente-a-sign%C3%A9-%F0%9D%9F%AE%F0%9D%9F%B0-%F0%9D%9F%AC%F0%9D%9F%AC%F0%9D%9F%AC-%F0%9D%97%B1%F0%9D%97%B2-%F0%9D%97%B0-activity-7394992611641556992-bVtK?utm_source=share&amp;utm_medium=member_desktop&amp;rcm=ACoAABcIJ4IB80Yi-qxjGBeMyPI6ae0FIcgQBY4\">\ud83d\udc49 Clotilde &#8211; Coach burn out depuis 10 ans &#8211; a sign\u00e9 24 000\u20ac HT aupr\u00e8s des entreprises sur son offre premium <\/a><\/p>\n\n\n\n<p><a href=\"https:\/\/www.linkedin.com\/posts\/manon-vincent_comment-val%C3%A9rie-a-d%C3%A9pass%C3%A9-les-17-000-de-share-7417817085986320384-B9Iv?utm_source=share&amp;utm_medium=member_desktop&amp;rcm=ACoAABcIJ4IB80Yi-qxjGBeMyPI6ae0FIcgQBY4\">\ud83d\udc49 Val\u00e9rie &#8211; Naturopathe \/ Coach en lancement &#8211; a sign\u00e9 17 000\u20ac<\/a><\/p>\n\n\n\n<p><a href=\"https:\/\/share.google\/mGmsKyUpKlXL4amFd\">\ud83d\udc49 Benoit &#8211; Photographe \/ Vid\u00e9aste en lancement &#8211; a sign\u00e9 24 000\u20ac<\/a><\/p>\n\n\n\n<p><a href=\"https:\/\/www.linkedin.com\/posts\/manon-vincent_je-sais-ce-que-tu-penses-solliciter-chaque-activity-7430144123946323968-N8jG?utm_source=share&amp;utm_medium=member_desktop&amp;rcm=ACoAABcIJ4IB80Yi-qxjGBeMyPI6ae0FIcgQBY4\">\ud83d\udc49 Emmanuel &#8211; Consultant Informatique &#8211; a sign\u00e9 16 578\u20ac aupr\u00e8s des entreprises<\/a><\/p>\n\n\n\n<div class=\"wp-block-columns is-layout-flex wp-container-core-columns-is-layout-9d6595d7 wp-block-columns-is-layout-flex\">\n<div class=\"wp-block-column is-layout-flow wp-block-column-is-layout-flow\">\n<figure class=\"wp-block-embed is-type-video is-provider-youtube wp-block-embed-youtube wp-embed-aspect-16-9 wp-has-aspect-ratio\"><div class=\"wp-block-embed__wrapper\">\n<iframe loading=\"lazy\" title=\"Comment Pauline a signe\u0301 58 000 \u20ac au premier trimestre 2025\" width=\"756\" height=\"425\" src=\"https:\/\/www.youtube.com\/embed\/aKfelZS-Tz8?feature=oembed\" frameborder=\"0\" allow=\"accelerometer; autoplay; clipboard-write; encrypted-media; gyroscope; picture-in-picture; web-share\" referrerpolicy=\"strict-origin-when-cross-origin\" allowfullscreen><\/iframe>\n<\/div><\/figure>\n<\/div>\n<\/div>\n\n\n\n<blockquote class=\"wp-block-quote is-layout-flow wp-block-quote-is-layout-flow\">\n<p style=\"font-size:17px\">A noter : \u00e9tant proactive <strong>5 \u00e0 8 h\/semaine<\/strong> <strong>dans<\/strong> <strong>le d\u00e9veloppement commercial<\/strong> du programme JE M&rsquo;\u00c9LANCE, sachez que j&rsquo;ai g\u00e9n\u00e9r\u00e9 25 000\u20ac de chiffre d&rsquo;affaires en 2024 sur cette offre et 21 200\u20ac en 2025, en parall\u00e8le d&rsquo;autres prestations. J&rsquo;y arrive tr\u00e8s bien en mettant en place quotidiennement des actions simples, efficaces et align\u00e9es \u00e0 ce qui me met naturellement en mouvement. Parce que le chiffre d&rsquo;affaires (C.A.) du jour est la cons\u00e9quence de mes actions d&rsquo;il y a 2, 3&#8230; 6 mois.<\/p>\n<cite>Manon VINCENT<\/cite><\/blockquote>\n\n\n\n<p><strong>Donc ce qui doit vous obs\u00e9dez, c&rsquo;est de vous demander : quelle s\u00e9rie d&rsquo;actions je mets en place au quotidien, dont les actions vont me permettre d&rsquo;aller g\u00e9n\u00e9rer du C.A. ? Et de prendre le trajectoire qui m&rsquo;am\u00e8nera au C.A. que je vise ?<\/strong><\/p>\n\n\n\n<p>Comprenez bien que le chiffre d&rsquo;affaires, c&rsquo;est un indicateur diff\u00e9r\u00e9. Ce que vous faites aujourd&rsquo;hui a une cons\u00e9quence directe sur les ventes de vos prochains mois.<\/p>\n\n\n\n<p>Alors, prenez au s\u00e9rieux votre strat\u00e9gie commerciale et mettez-vous en conditions (strat\u00e9giques, op\u00e9rationnelles et \u00e9motionnelles) pour <strong>d\u00e9passer vos premiers 20 000\u20ac de chiffre d&rsquo;affaires d&rsquo;ici 1 an sur cette nouvelle offre<\/strong> \ud83d\ude09.<\/p>\n\n\n\n<hr class=\"wp-block-separator has-text-color has-css-opacity has-background is-style-dots\" style=\"background-color:#83a697;color:#83a697\"\/>\n\n\n\n<h2 class=\"wp-block-heading has-text-align-center has-text-color\" style=\"color:#83a697;font-size:27px\"><strong>Les candidatures sont ouvertes !<\/strong><\/h2>\n\n\n\n<div style=\"height:19px\" aria-hidden=\"true\" class=\"wp-block-spacer\"><\/div>\n\n\n\n<div style=\"height:0px\" aria-hidden=\"true\" class=\"wp-block-spacer\"><\/div>\n\n\n\n<p>Il ne reste que <strong>2\/3 places<\/strong>, ce trimestre (Mai > Juillet 2026). Si vous \u00eates pr\u00eat.e \u00e0 passer \u00e0 l&rsquo;action, ne tardez pas ! Pour candidater ou en savoir plus :<\/p>\n\n\n\n<div class=\"wp-block-columns is-layout-flex wp-container-core-columns-is-layout-9d6595d7 wp-block-columns-is-layout-flex\">\n<div class=\"wp-block-column is-layout-flow wp-block-column-is-layout-flow\">\n<div class=\"wp-block-file aligncenter\"><a id=\"wp-block-file--media-96bfd601-5c8f-4558-b628-1c63161da3d8\" href=\"https:\/\/www.manonvincent.fr\/wp-content\/uploads\/2026\/01\/FAQ-1.docx\">\ud83d\udc49 Je r\u00e9ponds \u00e9galement \u00e0 toutes vos questions ici<\/a><\/div>\n<\/div>\n<\/div>\n\n\n\n<div style=\"height:21px\" aria-hidden=\"true\" class=\"wp-block-spacer\"><\/div>\n\n\n\n<p class=\"has-text-align-center\"><strong>Prenons rendez-vous et parlons-en ensemble !<\/strong><\/p>\n\n\n\n<div class=\"wp-block-buttons alignfull is-content-justification-center is-layout-flex wp-container-core-buttons-is-layout-28206b41 wp-block-buttons-is-layout-flex\">\n<div class=\"wp-block-button has-custom-width wp-block-button__width-50 is-style-outline is-style-outline--1\"><a class=\"wp-block-button__link has-white-color has-text-color has-background has-medium-font-size has-custom-font-size wp-element-button\" href=\"https:\/\/www.manonvincent.fr\/index.php\/prenons-rendez-vous\/\" style=\"border-radius:0px;background-color:#83a697\" target=\"_blank\" rel=\"noreferrer noopener\"><strong>OUI, JE M<\/strong>&lsquo;<strong>E<\/strong><strong>LANCE !<\/strong><\/a><\/div>\n<\/div>\n\n\n","protected":false},"excerpt":{"rendered":"<p>JE M&rsquo;ELANCE Cet accompagnement est parfait pour vous si : Vous avez le sentiment de vous noyez parmi les options possibles. Votre attention est tr\u00e8s vite attir\u00e9e par de nouvelles &hellip; <\/p>\n","protected":false},"author":1,"featured_media":0,"parent":0,"menu_order":0,"comment_status":"closed","ping_status":"closed","template":"","meta":{"footnotes":"[]"},"class_list":["post-32","page","type-page","status-publish","hentry"],"_links":{"self":[{"href":"https:\/\/www.manonvincent.fr\/index.php\/wp-json\/wp\/v2\/pages\/32","targetHints":{"allow":["GET"]}}],"collection":[{"href":"https:\/\/www.manonvincent.fr\/index.php\/wp-json\/wp\/v2\/pages"}],"about":[{"href":"https:\/\/www.manonvincent.fr\/index.php\/wp-json\/wp\/v2\/types\/page"}],"author":[{"embeddable":true,"href":"https:\/\/www.manonvincent.fr\/index.php\/wp-json\/wp\/v2\/users\/1"}],"replies":[{"embeddable":true,"href":"https:\/\/www.manonvincent.fr\/index.php\/wp-json\/wp\/v2\/comments?post=32"}],"version-history":[{"count":337,"href":"https:\/\/www.manonvincent.fr\/index.php\/wp-json\/wp\/v2\/pages\/32\/revisions"}],"predecessor-version":[{"id":1039,"href":"https:\/\/www.manonvincent.fr\/index.php\/wp-json\/wp\/v2\/pages\/32\/revisions\/1039"}],"wp:attachment":[{"href":"https:\/\/www.manonvincent.fr\/index.php\/wp-json\/wp\/v2\/media?parent=32"}],"curies":[{"name":"wp","href":"https:\/\/api.w.org\/{rel}","templated":true}]}}